{"id":3143,"date":"2025-05-14T10:50:20","date_gmt":"2025-05-14T08:50:20","guid":{"rendered":"https:\/\/comercialgodo.com\/?page_id=3143"},"modified":"2026-04-28T09:50:40","modified_gmt":"2026-04-28T07:50:40","slug":"avis-legal","status":"publish","type":"page","link":"https:\/\/comercialgodo.com\/ca\/avis-legal\/","title":{"rendered":"Av\u00eds legal"},"content":{"rendered":"\t\t<div data-elementor-type=\"wp-page\" data-elementor-id=\"3143\" class=\"elementor elementor-3143 elementor-2549\" data-elementor-post-type=\"page\">\n\t\t\t\t<div class=\"elementor-element elementor-element-6d0e7d29 e-flex e-con-boxed e-con e-parent\" data-id=\"6d0e7d29\" data-element_type=\"container\" data-e-type=\"container\">\n\t\t\t\t\t<div class=\"e-con-inner\">\n\t\t\t\t<div class=\"elementor-element elementor-element-15556846 elementor-widget elementor-widget-text-editor\" data-id=\"15556846\" data-element_type=\"widget\" data-e-type=\"widget\" data-widget_type=\"text-editor.default\">\n\t\t\t\t<div class=\"elementor-widget-container\">\n\t\t\t\t\t\t\t\t\t<h3>AV\u00cdS LEGAL<\/h3>\n<div>\n<p style=\"margin-left: 7.1pt;\"><strong>Introducci\u00f3<\/strong><\/p>\n<p style=\"margin-left: 7.1pt;\">En compliment de la Llei 34\/2002, d&#8217;11 de juliol, de Serveis de la Societat de la\nInformaci\u00f3 i de Comer\u00e7 Electr\u00f2nic (LSSI-CE), COMERCIAL GODO SL informa que \u00e9s titular del lloc web. D&#8217;acord\namb l&#8217;exig\u00e8ncia de l&#8217;article 10 de l&#8217;esmentada Llei, COMERCIAL GODO SL informa de les dades seg\u00fcents:<\/p>\n\n<table border=\"1\" cellspacing=\"0\" cellpadding=\"0\">\n<tbody>\n<tr>\n<td style=\"width: 174px; height: 28px;\">\n<p style=\"margin-left: .8pt;\" align=\"center\"><strong>RA\u00d3 SOCIAL<\/strong><\/p>\n<\/td>\n<td style=\"width: 407px; height: 28px;\">\n<p style=\"margin-left: 5.4pt;\">COMERCIAL GODO SL<\/p>\n<\/td>\n<\/tr>\n<tr>\n<td style=\"width: 174px; height: 28px;\">\n<p style=\"margin-left: .8pt;\" align=\"center\"><strong>NIF<\/strong><\/p>\n<\/td>\n<td style=\"width: 407px; height: 28px;\">\n<p style=\"margin-left: 5.4pt;\">B08298747<\/p>\n<\/td>\n<\/tr>\n<tr>\n<td style=\"width: 174px; height: 28px;\">\n<p style=\"margin-left: .8pt;\" align=\"center\"><strong>DOMINI<\/strong><\/p>\n<\/td>\n<td style=\"width: 407px; height: 28px;\">\n<p style=\"margin-left: 5.4pt;\">COMERCIAL GODO.COM<\/p>\n<\/td>\n<\/tr>\n<tr>\n<td style=\"width: 174px; height: 28px;\">\n<p style=\"margin-left: .8pt;\" align=\"center\"><strong>ADRE\u00c7A POSTAL<\/strong><\/p>\n<\/td>\n<td style=\"width: 407px; height: 28px;\">\n<p style=\"margin-left: 5.4pt;\">Fran\u00e7a 13, 08700 IGUALADA (BARCELONA)<\/p>\n<\/td>\n<\/tr>\n<tr>\n<td style=\"width: 174px; height: 28px;\">\n<p style=\"margin-left: .8pt;\" align=\"center\"><strong>ADRE\u00c7A ELECTR\u00d2NICA<\/strong><\/p>\n<\/td>\n<td style=\"width: 407px; height: 28px;\">\n<p style=\"margin-left: 5.4pt;\"><a href=\"mailto:NOELIA@BOXCOM.ES\">NOELIA@BOXCOM.ES<\/a><\/p>\n<\/td>\n<\/tr>\n<tr>\n<td style=\"width: 174px; height: 28px;\">\n<p style=\"margin-left: .8pt;\" align=\"center\"><strong>TEL\u00c8FONS<\/strong><\/p>\n<\/td>\n<td style=\"width: 407px; height: 28px;\">\n<p style=\"margin-left: 5.4pt;\">938033554<\/p>\n<\/td>\n<\/tr>\n<tr>\n<td style=\"width: 174px; height: 31px;\">\n<p style=\"margin-left: 34.35pt;\"><strong>N\u00ba REGISTRE\/DADES ADDICIONALS<\/strong><\/p>\n<\/td>\n<td style=\"width: 407px; height: 31px;\">\n<p style=\"margin-left: 5.4pt;\">Tom 2129 \/ Secci\u00f3 3 \/ Fulla 3718 \/ Llibre 187 \/ Foli 240 \/ N\u00ba inscripci\u00f3 1<\/p>\n<\/td>\n<\/tr>\n<\/tbody>\n<\/table>\n<p style=\"margin-left: 7.1pt;\"><strong>Usuari i r\u00e8gim de responsabilitats<\/strong><\/p>\n<p style=\"margin-left: 7.1pt;\">La navegaci\u00f3, l&#8217;acc\u00e9s i l&#8217;\u00fas del lloc web de COMERCIAL GODO SL confereix la\ncondici\u00f3 d&#8217;usuari.<\/p>\n<p style=\"margin-left: 7.1pt;\">El lloc web de COMERCIAL GODO SL proporciona una gran diversitat d&#8217;informaci\u00f3,\nserveis i dades. L&#8217;usuari assumeix la seva responsabilitat en l&#8217;\u00fas correcte del lloc web. Aquesta responsabilitat\ns&#8217;estendr\u00e0 a:<\/p>\n<p style=\"margin-left: 43.1pt;\"><img decoding=\"async\" src=\"data:image\/png;base64,R0lGODlhDAAQAHcAMSH+GlNvZnR3YXJlOiBNaWNyb3NvZnQgT2ZmaWNlACH5BAEAAAAALAAABgAGAAYAgAAAAAAAAAIKhA+hp5sdnjMRFAA7\" width=\"12\" height=\"16\" border=\"0\" \/> La veracitat i licitud de les informacions aportades per l&#8217;usuari en\nels formularis estesos per COMERCIAL GODO SL per a l&#8217;acc\u00e9s a certs continguts o serveis oferts pel web.<\/p>\n<p style=\"margin-left: 43.1pt;\"><img decoding=\"async\" src=\"data:image\/png;base64,R0lGODlhDAAQAHcAMSH+GlNvZnR3YXJlOiBNaWNyb3NvZnQgT2ZmaWNlACH5BAEAAAAALAAABgAGAAYAgAAAAAAAAAIKhA+hp5sdnjMRFAA7\" width=\"12\" height=\"16\" border=\"0\" \/> L&#8217;\u00fas de la informaci\u00f3, els serveis i les dades oferts per COMERCIAL\nGODO SL contr\u00e0riament al que disposen les presents condicions, la Llei, la moral, els bons costums o l&#8217;ordre\np\u00fablic, o que de qualsevol altra manera puguin suposar una lesi\u00f3 dels drets de tercers o del mateix funcionament\ndel lloc web.<\/p>\n<p style=\"margin-left: 7.1pt;\"><strong>Pol\u00edtica d&#8217;enlla\u00e7os i exempcions de responsabilitat<\/strong><\/p>\n<p style=\"margin-left: 7.1pt;\">COMERCIAL GODO SL no es fa responsable del contingut dels llocs web als quals l&#8217;usuari\npugui accedir a trav\u00e9s dels enlla\u00e7os establerts al seu lloc web, sempre que no tingui coneixement efectiu que\nl&#8217;activitat o la informaci\u00f3 a la qual remet o recomana \u00e9s il\u00b7l\u00edcita o que lesiona b\u00e9ns o drets d&#8217;un tercer\nsusceptibles d&#8217;indemnitzaci\u00f3, o, en cas de tenir-lo, actu\u00ef amb dilig\u00e8ncia per suprimir o inutilitzar l&#8217;enlla\u00e7\ncorresponent.<\/p>\n<p style=\"margin-left: 7.1pt;\">S&#8217;entendr\u00e0 que COMERCIAL GODO SL t\u00e9 el coneixement efectiu a qu\u00e8 es refereix el\npar\u00e0graf anterior quan un \u00f2rgan competent hagi declarat la il\u00b7licitud de les dades, n&#8217;hagi ordenat la retirada o\nque s&#8217;impossibiliti l&#8217;acc\u00e9s, o s&#8217;hagu\u00e9s declarat l&#8217;exist\u00e8ncia de la lesi\u00f3, i COMERCIAL GODO SL conegu\u00e9s la\nresoluci\u00f3 corresponent, sens perjudici dels procediments de detecci\u00f3 i retirada de continguts que COMERCIAL GODO\nSL apliqui en virtut d&#8217;acords voluntaris i d&#8217;altres mitjans de coneixement efectiu que poguessin establir-se.<\/p>\n\n<\/div>\n<div>\n<p style=\"margin-left: 7.1pt;\">COMERCIAL GODO SL declara haver adoptat totes les mesures necess\u00e0ries per evitar\nqualsevol dany als usuaris del seu lloc web que pogu\u00e9s derivar-se de la navegaci\u00f3 pel seu lloc web. En\nconseq\u00fc\u00e8ncia, COMERCIAL GODO SL no es fa responsable, en cap cas, dels eventuals danys que per la navegaci\u00f3 per\nInternet pogu\u00e9s patir l&#8217;usuari. Aix\u00ed mateix, tampoc no garantir\u00e0 la disponibilitat t\u00e8cnica, exactitud, veracitat,\nvalidesa o legalitat de llocs aliens a la seva propietat als quals es pugui accedir mitjan\u00e7ant els enlla\u00e7os.<\/p>\n<p style=\"margin-left: 7.1pt;\"><strong>Modificacions<\/strong><\/p>\n<p style=\"margin-left: 7.1pt;\">COMERCIAL GODO SL es reserva la facultat d&#8217;efectuar, en qualsevol moment i sense\nnecessitat de previ av\u00eds, modificacions i actualitzacions de la informaci\u00f3 continguda al seu lloc web o en la\nconfiguraci\u00f3 i presentaci\u00f3 d&#8217;aquest. Amb l&#8217;objectiu de mantenir actualitzada la informaci\u00f3 publicada, els\ncontinguts del mateix podran ser modificats, corregits, eliminats o afegits en qualsevol moment, per qualsevol\nforma admissible en dret.<\/p>\n<p style=\"margin-left: 7.1pt;\"><strong>Indicaci\u00f3 de preus<\/strong><\/p>\n<p style=\"margin-left: 7.1pt;\">En cas que es mostrin preus de productes i\/o serveis, els indicats a la pantalla\nseran els vigents en cada moment. Els preus seran indicats en euros i tindran incorporat l&#8217;Impost sobre el Valor\nAfegit (IVA). En cas que no s&#8217;incorpori l&#8217;IVA en el preu, s&#8217;indicar\u00e0 de manera expressa i es permetr\u00e0 a l&#8217;usuari\nvisualitzar el preu final complet.<\/p>\n<p style=\"margin-left: 7.1pt;\">Aix\u00ed mateix, si fos aplicable qualsevol altre impost, aix\u00ed s&#8217;indicaria, incloent-hi,\nsi escau, l&#8217;import dels increments o descomptes que siguin d&#8217;aplicaci\u00f3 a l&#8217;oferta i les despeses addicionals que\npuguin repercutir al consumidor o usuari.<\/p>\n<p style=\"margin-left: 7.1pt;\"><strong>Propietat intel\u00b7lectual i industrial<\/strong><\/p>\n<p style=\"margin-left: 7.1pt;\">COMERCIAL GODO SL per si mateixa o com a cession\u00e0ria, \u00e9s titular de tots els drets de\npropietat intel\u00b7lectual i industrial de la seva p\u00e0gina web, aix\u00ed com dels elements continguts en aquesta (a t\u00edtol\nenunciatiu, imatges, so, \u00e0udio, v\u00eddeo, programari o textos; marques o logotips, combinacions de colors,\nestructura i disseny, selecci\u00f3 de materials utilitzats, programes d&#8217;ordinador necessaris per al seu funcionament,\nacc\u00e9s i \u00fas, etc.), titularitat de COMERCIAL GODO SL. Seran, per conseg\u00fcent, obres protegides com a propietat\nintel\u00b7lectual per l&#8217;ordenament jur\u00eddic espanyol, i els seran aplicables tant la normativa espanyola i comunit\u00e0ria\nen aquest camp, com els tractats internacionals relatius a la mat\u00e8ria i subscrits per Espanya.<\/p>\n<p style=\"margin-left: 7.1pt;\">Tots els drets reservats. En virtut del que disposa la Llei de Propietat\nIntel\u00b7lectual, queden expressament prohibides la reproducci\u00f3, la distribuci\u00f3 i la comunicaci\u00f3 p\u00fablica, inclosa la\nseva modalitat de posada a disposici\u00f3, de la totalitat o part dels continguts d&#8217;aquesta p\u00e0gina web, amb fins\ncomercials, en qualsevol suport i per qualsevol mitj\u00e0 t\u00e8cnic, sense l&#8217;autoritzaci\u00f3 de COMERCIAL GODO SL.<\/p>\n<p style=\"margin-left: 7.1pt;\">L&#8217;usuari es compromet a respectar els drets de Propietat Intel\u00b7lectual i Industrial\ntitularitat de COMERCIAL GODO SL. Podr\u00e0 visualitzar els elements del portal i fins i tot imprimir-los,\ncopiar-los i emmagatzemar-los al disc dur del seu ordinador o en qualsevol altre suport f\u00edsic sempre que sigui,\n\u00fanica i exclusivament, per al seu \u00fas personal i privat. L&#8217;usuari haur\u00e0 d&#8217;abstenir-se de suprimir, alterar, eludir\no manipular qualsevol dispositiu de protecci\u00f3 o sistema de seguretat que estigu\u00e9s instal\u00b7lat a les p\u00e0gines de\nCOMERCIAL GODO SL.<\/p>\n<p style=\"margin-left: 7.1pt;\"><strong>Accions legals, legislaci\u00f3 aplicable i jurisdicci\u00f3<\/strong><\/p>\n<p style=\"margin-left: 7.1pt;\">Si l&#8217;usuari desitja presentar una reclamaci\u00f3, haur\u00e0 de contactar mitjan\u00e7ant el correu\nelectr\u00f2nic <a href=\"mailto:NOELIA@BOXCOM.ES\">NOELIA@BOXCOM.ES.<\/a> Aix\u00ed mateix, COMERCIAL GODO SL disposa de\nfulls oficials de reclamaci\u00f3 a disposici\u00f3 dels consumidors i usuaris.<\/p>\n<p style=\"margin-left: 7.1pt;\">COMERCIAL GODO SL es reserva la facultat de presentar les accions civils o penals\nque consideri oportunes per la utilitzaci\u00f3 indeguda del seu lloc web i continguts, o per l&#8217;incompliment de les\npresents condicions.<\/p>\n\n<\/div>\n<p style=\"margin-left: 7.1pt;\">La relaci\u00f3 entre l&#8217;usuari i el prestador es regir\u00e0 per la normativa vigent i\nd&#8217;aplicaci\u00f3 al territori espanyol. Si sorg\u00eds qualsevol controv\u00e8rsia, les parts podran sotmetre els seus conflictes\na arbitratge o acudir a la jurisdicci\u00f3 ordin\u00e0ria complint les normes sobre jurisdicci\u00f3 i compet\u00e8ncia al\nrespecte.<\/p>\n<strong>Darrera actualitzaci\u00f3: <\/strong>3 d&#8217;abril de 2025\n\t\t\t\t\t\t\t\t<\/div>\n\t\t\t\t<\/div>\n\t\t\t\t\t<\/div>\n\t\t\t\t<\/div>\n\t\t\t\t<\/div>\n\t\t","protected":false},"excerpt":{"rendered":"<p>AV\u00cdS LEGAL Introducci\u00f3 En compliment de la Llei 34\/2002, d&#8217;11 de juliol, de Serveis de la Societat de la Informaci\u00f3 i de Comer\u00e7 Electr\u00f2nic (LSSI-CE), COMERCIAL GODO SL informa que \u00e9s titular del lloc web. D&#8217;acord amb l&#8217;exig\u00e8ncia de l&#8217;article 10 de l&#8217;esmentada Llei, COMERCIAL GODO SL informa de les dades seg\u00fcents: RA\u00d3 SOCIAL COMERCIAL [&hellip;]<\/p>\n","protected":false},"author":1,"featured_media":0,"parent":0,"menu_order":0,"comment_status":"closed","ping_status":"closed","template":"elementor_header_footer","meta":{"footnotes":""},"class_list":["post-3143","page","type-page","status-publish","hentry"],"yoast_head":"<!-- This site is optimized with the Yoast SEO plugin v27.5 - https:\/\/yoast.com\/product\/yoast-seo-wordpress\/ -->\n<title>Av\u00eds legal - Comercial God\u00f3<\/title>\n<meta name=\"robots\" content=\"index, follow, max-snippet:-1, max-image-preview:large, max-video-preview:-1\" \/>\n<link rel=\"canonical\" href=\"https:\/\/comercialgodo.com\/en\/legal-advice\/\" \/>\n<meta property=\"og:locale\" content=\"ca_ES\" \/>\n<meta property=\"og:type\" content=\"article\" \/>\n<meta property=\"og:title\" content=\"Av\u00eds legal - Comercial God\u00f3\" \/>\n<meta property=\"og:description\" content=\"AV\u00cdS LEGAL Introducci\u00f3 En compliment de la Llei 34\/2002, d&#8217;11 de juliol, de Serveis de la Societat de la Informaci\u00f3 i de Comer\u00e7 Electr\u00f2nic (LSSI-CE), COMERCIAL GODO SL informa que \u00e9s titular del lloc web. D&#8217;acord amb l&#8217;exig\u00e8ncia de l&#8217;article 10 de l&#8217;esmentada Llei, COMERCIAL GODO SL informa de les dades seg\u00fcents: RA\u00d3 SOCIAL COMERCIAL [&hellip;]\" \/>\n<meta property=\"og:url\" content=\"https:\/\/comercialgodo.com\/en\/legal-advice\/\" \/>\n<meta property=\"og:site_name\" content=\"Comercial God\u00f3\" \/>\n<meta property=\"article:modified_time\" content=\"2026-04-28T07:50:40+00:00\" \/>\n<meta name=\"twitter:card\" content=\"summary_large_image\" \/>\n<meta name=\"twitter:label1\" content=\"Temps estimat de lectura\" \/>\n\t<meta name=\"twitter:data1\" content=\"6 minuts\" \/>\n<script type=\"application\/ld+json\" class=\"yoast-schema-graph\">{\"@context\":\"https:\\\/\\\/schema.org\",\"@graph\":[{\"@type\":\"WebPage\",\"@id\":\"https:\\\/\\\/comercialgodo.com\\\/en\\\/legal-advice\\\/\",\"url\":\"https:\\\/\\\/comercialgodo.com\\\/en\\\/legal-advice\\\/\",\"name\":\"Av\u00eds legal - Comercial God\u00f3\",\"isPartOf\":{\"@id\":\"https:\\\/\\\/comercialgodo.com\\\/#website\"},\"datePublished\":\"2025-05-14T08:50:20+00:00\",\"dateModified\":\"2026-04-28T07:50:40+00:00\",\"breadcrumb\":{\"@id\":\"https:\\\/\\\/comercialgodo.com\\\/en\\\/legal-advice\\\/#breadcrumb\"},\"inLanguage\":\"ca\",\"potentialAction\":[{\"@type\":\"ReadAction\",\"target\":[\"https:\\\/\\\/comercialgodo.com\\\/en\\\/legal-advice\\\/\"]}]},{\"@type\":\"BreadcrumbList\",\"@id\":\"https:\\\/\\\/comercialgodo.com\\\/en\\\/legal-advice\\\/#breadcrumb\",\"itemListElement\":[{\"@type\":\"ListItem\",\"position\":1,\"name\":\"Portada\",\"item\":\"https:\\\/\\\/comercialgodo.com\\\/ca\\\/\"},{\"@type\":\"ListItem\",\"position\":2,\"name\":\"Av\u00eds legal\"}]},{\"@type\":\"WebSite\",\"@id\":\"https:\\\/\\\/comercialgodo.com\\\/#website\",\"url\":\"https:\\\/\\\/comercialgodo.com\\\/\",\"name\":\"Comercial God\u00f3\",\"description\":\"Productes Quimics\",\"potentialAction\":[{\"@type\":\"SearchAction\",\"target\":{\"@type\":\"EntryPoint\",\"urlTemplate\":\"https:\\\/\\\/comercialgodo.com\\\/?s={search_term_string}\"},\"query-input\":{\"@type\":\"PropertyValueSpecification\",\"valueRequired\":true,\"valueName\":\"search_term_string\"}}],\"inLanguage\":\"ca\"}]}<\/script>\n<!-- \/ Yoast SEO plugin. -->","yoast_head_json":{"title":"Av\u00eds legal - Comercial God\u00f3","robots":{"index":"index","follow":"follow","max-snippet":"max-snippet:-1","max-image-preview":"max-image-preview:large","max-video-preview":"max-video-preview:-1"},"canonical":"https:\/\/comercialgodo.com\/en\/legal-advice\/","og_locale":"ca_ES","og_type":"article","og_title":"Av\u00eds legal - Comercial God\u00f3","og_description":"AV\u00cdS LEGAL Introducci\u00f3 En compliment de la Llei 34\/2002, d&#8217;11 de juliol, de Serveis de la Societat de la Informaci\u00f3 i de Comer\u00e7 Electr\u00f2nic (LSSI-CE), COMERCIAL GODO SL informa que \u00e9s titular del lloc web. D&#8217;acord amb l&#8217;exig\u00e8ncia de l&#8217;article 10 de l&#8217;esmentada Llei, COMERCIAL GODO SL informa de les dades seg\u00fcents: RA\u00d3 SOCIAL COMERCIAL [&hellip;]","og_url":"https:\/\/comercialgodo.com\/en\/legal-advice\/","og_site_name":"Comercial God\u00f3","article_modified_time":"2026-04-28T07:50:40+00:00","twitter_card":"summary_large_image","twitter_misc":{"Temps estimat de lectura":"6 minuts"},"schema":{"@context":"https:\/\/schema.org","@graph":[{"@type":"WebPage","@id":"https:\/\/comercialgodo.com\/en\/legal-advice\/","url":"https:\/\/comercialgodo.com\/en\/legal-advice\/","name":"Av\u00eds legal - Comercial God\u00f3","isPartOf":{"@id":"https:\/\/comercialgodo.com\/#website"},"datePublished":"2025-05-14T08:50:20+00:00","dateModified":"2026-04-28T07:50:40+00:00","breadcrumb":{"@id":"https:\/\/comercialgodo.com\/en\/legal-advice\/#breadcrumb"},"inLanguage":"ca","potentialAction":[{"@type":"ReadAction","target":["https:\/\/comercialgodo.com\/en\/legal-advice\/"]}]},{"@type":"BreadcrumbList","@id":"https:\/\/comercialgodo.com\/en\/legal-advice\/#breadcrumb","itemListElement":[{"@type":"ListItem","position":1,"name":"Portada","item":"https:\/\/comercialgodo.com\/ca\/"},{"@type":"ListItem","position":2,"name":"Av\u00eds legal"}]},{"@type":"WebSite","@id":"https:\/\/comercialgodo.com\/#website","url":"https:\/\/comercialgodo.com\/","name":"Comercial God\u00f3","description":"Productes Quimics","potentialAction":[{"@type":"SearchAction","target":{"@type":"EntryPoint","urlTemplate":"https:\/\/comercialgodo.com\/?s={search_term_string}"},"query-input":{"@type":"PropertyValueSpecification","valueRequired":true,"valueName":"search_term_string"}}],"inLanguage":"ca"}]}},"_links":{"self":[{"href":"https:\/\/comercialgodo.com\/ca\/wp-json\/wp\/v2\/pages\/3143","targetHints":{"allow":["GET"]}}],"collection":[{"href":"https:\/\/comercialgodo.com\/ca\/wp-json\/wp\/v2\/pages"}],"about":[{"href":"https:\/\/comercialgodo.com\/ca\/wp-json\/wp\/v2\/types\/page"}],"author":[{"embeddable":true,"href":"https:\/\/comercialgodo.com\/ca\/wp-json\/wp\/v2\/users\/1"}],"replies":[{"embeddable":true,"href":"https:\/\/comercialgodo.com\/ca\/wp-json\/wp\/v2\/comments?post=3143"}],"version-history":[{"count":9,"href":"https:\/\/comercialgodo.com\/ca\/wp-json\/wp\/v2\/pages\/3143\/revisions"}],"predecessor-version":[{"id":3157,"href":"https:\/\/comercialgodo.com\/ca\/wp-json\/wp\/v2\/pages\/3143\/revisions\/3157"}],"wp:attachment":[{"href":"https:\/\/comercialgodo.com\/ca\/wp-json\/wp\/v2\/media?parent=3143"}],"curies":[{"name":"wp","href":"https:\/\/api.w.org\/{rel}","templated":true}]}}